{"id":10,"date":"2017-03-01T14:42:44","date_gmt":"2017-03-01T13:42:44","guid":{"rendered":"http:\/\/www.oe3fru.eu\/margit\/?page_id=10"},"modified":"2018-11-24T16:56:01","modified_gmt":"2018-11-24T15:56:01","slug":"veranstaltungen","status":"publish","type":"page","link":"https:\/\/www.oe3fru.eu\/margit\/veranstaltungen\/","title":{"rendered":"Veranstaltungen"},"content":{"rendered":"<p style=\"text-align: center;\"><span style=\"font-size: 14pt;\"><strong>2018 11 Adventmarkt K\u00e4semacher<\/strong><\/span><\/p>\n\n\t\t<style type=\"text\/css\">\n\t\t\t#gallery-1 {\n\t\t\t\tmargin: auto;\n\t\t\t}\n\t\t\t#gallery-1 .gallery-item {\n\t\t\t\tfloat: left;\n\t\t\t\tmargin-top: 10px;\n\t\t\t\ttext-align: center;\n\t\t\t\twidth: 33%;\n\t\t\t}\n\t\t\t#gallery-1 img {\n\t\t\t\tborder: 2px solid #cfcfcf;\n\t\t\t}\n\t\t\t#gallery-1 .gallery-caption {\n\t\t\t\tmargin-left: 0;\n\t\t\t}\n\t\t\t\/* see gallery_shortcode() in wp-includes\/media.php *\/\n\t\t<\/style>\n\t\t<div id='gallery-1' class='gallery galleryid-10 gallery-columns-3 gallery-size-thumbnail'><dl class='gallery-item'>\n\t\t\t<dt class='gallery-icon landscape'>\n\t\t\t\t<a href='https:\/\/www.oe3fru.eu\/margit\/veranstaltungen\/img_0003-1\/'><img loading=\"lazy\" decoding=\"async\" width=\"150\" height=\"150\" src=\"https:\/\/www.oe3fru.eu\/margit\/wp-content\/uploads\/2018\/11\/IMG_0003-1-150x150.jpg\" class=\"attachment-thumbnail size-thumbnail\" alt=\"\" \/><\/a>\n\t\t\t<\/dt><\/dl><dl class='gallery-item'>\n\t\t\t<dt class='gallery-icon landscape'>\n\t\t\t\t<a href='https:\/\/www.oe3fru.eu\/margit\/veranstaltungen\/img_0001-1\/'><img loading=\"lazy\" decoding=\"async\" width=\"150\" height=\"150\" src=\"https:\/\/www.oe3fru.eu\/margit\/wp-content\/uploads\/2018\/11\/IMG_0001-1-150x150.jpg\" class=\"attachment-thumbnail size-thumbnail\" alt=\"\" \/><\/a>\n\t\t\t<\/dt><\/dl>\n\t\t\t<br style='clear: both' \/>\n\t\t<\/div>\n\n<p style=\"text-align: center;\"><span style=\"font-size: 14pt;\"><strong>2018 03 Ostermarkt K\u00e4semacher<\/strong><\/span><\/p>\n\n\t\t<style type=\"text\/css\">\n\t\t\t#gallery-2 {\n\t\t\t\tmargin: auto;\n\t\t\t}\n\t\t\t#gallery-2 .gallery-item {\n\t\t\t\tfloat: left;\n\t\t\t\tmargin-top: 10px;\n\t\t\t\ttext-align: center;\n\t\t\t\twidth: 33%;\n\t\t\t}\n\t\t\t#gallery-2 img {\n\t\t\t\tborder: 2px solid #cfcfcf;\n\t\t\t}\n\t\t\t#gallery-2 .gallery-caption {\n\t\t\t\tmargin-left: 0;\n\t\t\t}\n\t\t\t\/* see gallery_shortcode() in wp-includes\/media.php *\/\n\t\t<\/style>\n\t\t<div id='gallery-2' class='gallery galleryid-10 gallery-columns-3 gallery-size-thumbnail'><dl class='gallery-item'>\n\t\t\t<dt class='gallery-icon landscape'>\n\t\t\t\t<a href='https:\/\/www.oe3fru.eu\/margit\/wp-content\/uploads\/2018\/03\/2018-03-25-24-Ostermarkt-K\u00e4semacher-043.jpg'><img loading=\"lazy\" decoding=\"async\" width=\"150\" height=\"150\" src=\"https:\/\/www.oe3fru.eu\/margit\/wp-content\/uploads\/2018\/03\/2018-03-25-24-Ostermarkt-K\u00e4semacher-043-150x150.jpg\" class=\"attachment-thumbnail size-thumbnail\" alt=\"\" aria-describedby=\"gallery-2-659\" \/><\/a>\n\t\t\t<\/dt>\n\t\t\t\t<dd class='wp-caption-text gallery-caption' id='gallery-2-659'>\n\t\t\t\tOstermarkt K\u00e4semacher\n\t\t\t\t<\/dd><\/dl><dl class='gallery-item'>\n\t\t\t<dt class='gallery-icon landscape'>\n\t\t\t\t<a href='https:\/\/www.oe3fru.eu\/margit\/wp-content\/uploads\/2018\/03\/2018-03-25-24-Ostermarkt-K\u00e4semacher-042.jpg'><img loading=\"lazy\" decoding=\"async\" width=\"150\" height=\"150\" src=\"https:\/\/www.oe3fru.eu\/margit\/wp-content\/uploads\/2018\/03\/2018-03-25-24-Ostermarkt-K\u00e4semacher-042-150x150.jpg\" class=\"attachment-thumbnail size-thumbnail\" alt=\"\" aria-describedby=\"gallery-2-658\" \/><\/a>\n\t\t\t<\/dt>\n\t\t\t\t<dd class='wp-caption-text gallery-caption' id='gallery-2-658'>\n\t\t\t\tOstermarkt K\u00e4semacher\n\t\t\t\t<\/dd><\/dl><dl class='gallery-item'>\n\t\t\t<dt class='gallery-icon landscape'>\n\t\t\t\t<a href='https:\/\/www.oe3fru.eu\/margit\/wp-content\/uploads\/2018\/03\/2018-03-25-24-Ostermarkt-K\u00e4semacher-038.jpg'><img loading=\"lazy\" decoding=\"async\" width=\"150\" height=\"150\" src=\"https:\/\/www.oe3fru.eu\/margit\/wp-content\/uploads\/2018\/03\/2018-03-25-24-Ostermarkt-K\u00e4semacher-038-150x150.jpg\" class=\"attachment-thumbnail size-thumbnail\" alt=\"\" aria-describedby=\"gallery-2-655\" \/><\/a>\n\t\t\t<\/dt>\n\t\t\t\t<dd class='wp-caption-text gallery-caption' id='gallery-2-655'>\n\t\t\t\tOstermarkt K\u00e4semacher\n\t\t\t\t<\/dd><\/dl><br style=\"clear: both\" \/><dl class='gallery-item'>\n\t\t\t<dt class='gallery-icon landscape'>\n\t\t\t\t<a href='https:\/\/www.oe3fru.eu\/margit\/wp-content\/uploads\/2018\/03\/2018-03-25-24-Ostermarkt-K\u00e4semacher-037.jpg'><img loading=\"lazy\" decoding=\"async\" width=\"150\" height=\"150\" src=\"https:\/\/www.oe3fru.eu\/margit\/wp-content\/uploads\/2018\/03\/2018-03-25-24-Ostermarkt-K\u00e4semacher-037-150x150.jpg\" class=\"attachment-thumbnail size-thumbnail\" alt=\"\" aria-describedby=\"gallery-2-654\" \/><\/a>\n\t\t\t<\/dt>\n\t\t\t\t<dd class='wp-caption-text gallery-caption' id='gallery-2-654'>\n\t\t\t\tOstermarkt K\u00e4semacher\n\t\t\t\t<\/dd><\/dl><dl class='gallery-item'>\n\t\t\t<dt class='gallery-icon landscape'>\n\t\t\t\t<a href='https:\/\/www.oe3fru.eu\/margit\/wp-content\/uploads\/2018\/03\/2018-03-25-24-Ostermarkt-K\u00e4semacher-036.jpg'><img loading=\"lazy\" decoding=\"async\" width=\"150\" height=\"150\" src=\"https:\/\/www.oe3fru.eu\/margit\/wp-content\/uploads\/2018\/03\/2018-03-25-24-Ostermarkt-K\u00e4semacher-036-150x150.jpg\" class=\"attachment-thumbnail size-thumbnail\" alt=\"\" aria-describedby=\"gallery-2-653\" \/><\/a>\n\t\t\t<\/dt>\n\t\t\t\t<dd class='wp-caption-text gallery-caption' id='gallery-2-653'>\n\t\t\t\tOstermarkt K\u00e4semacher\n\t\t\t\t<\/dd><\/dl><dl class='gallery-item'>\n\t\t\t<dt class='gallery-icon landscape'>\n\t\t\t\t<a href='https:\/\/www.oe3fru.eu\/margit\/wp-content\/uploads\/2018\/03\/2018-03-25-24-Ostermarkt-K\u00e4semacher-041.jpg'><img loading=\"lazy\" decoding=\"async\" width=\"150\" height=\"150\" src=\"https:\/\/www.oe3fru.eu\/margit\/wp-content\/uploads\/2018\/03\/2018-03-25-24-Ostermarkt-K\u00e4semacher-041-150x150.jpg\" class=\"attachment-thumbnail size-thumbnail\" alt=\"\" aria-describedby=\"gallery-2-657\" \/><\/a>\n\t\t\t<\/dt>\n\t\t\t\t<dd class='wp-caption-text gallery-caption' id='gallery-2-657'>\n\t\t\t\tOstermarkt K\u00e4semacher\n\t\t\t\t<\/dd><\/dl><br style=\"clear: both\" \/><dl class='gallery-item'>\n\t\t\t<dt class='gallery-icon landscape'>\n\t\t\t\t<a href='https:\/\/www.oe3fru.eu\/margit\/wp-content\/uploads\/2018\/03\/2018-03-25-24-Ostermarkt-K\u00e4semacher-040.jpg'><img loading=\"lazy\" decoding=\"async\" width=\"150\" height=\"150\" src=\"https:\/\/www.oe3fru.eu\/margit\/wp-content\/uploads\/2018\/03\/2018-03-25-24-Ostermarkt-K\u00e4semacher-040-150x150.jpg\" class=\"attachment-thumbnail size-thumbnail\" alt=\"\" aria-describedby=\"gallery-2-656\" \/><\/a>\n\t\t\t<\/dt>\n\t\t\t\t<dd class='wp-caption-text gallery-caption' id='gallery-2-656'>\n\t\t\t\tOstermarkt K\u00e4semacher\n\t\t\t\t<\/dd><\/dl>\n\t\t\t<br style='clear: both' \/>\n\t\t<\/div>\n\n<p style=\"text-align: center;\"><span style=\"font-size: 14pt;\"><strong>2017 12 Adventmarkt Brand<\/strong><\/span><\/p>\n\n\t\t<style type=\"text\/css\">\n\t\t\t#gallery-3 {\n\t\t\t\tmargin: auto;\n\t\t\t}\n\t\t\t#gallery-3 .gallery-item {\n\t\t\t\tfloat: left;\n\t\t\t\tmargin-top: 10px;\n\t\t\t\ttext-align: center;\n\t\t\t\twidth: 33%;\n\t\t\t}\n\t\t\t#gallery-3 img {\n\t\t\t\tborder: 2px solid #cfcfcf;\n\t\t\t}\n\t\t\t#gallery-3 .gallery-caption {\n\t\t\t\tmargin-left: 0;\n\t\t\t}\n\t\t\t\/* see gallery_shortcode() in wp-includes\/media.php *\/\n\t\t<\/style>\n\t\t<div id='gallery-3' class='gallery galleryid-10 gallery-columns-3 gallery-size-thumbnail'><dl class='gallery-item'>\n\t\t\t<dt class='gallery-icon landscape'>\n\t\t\t\t<a href='https:\/\/www.oe3fru.eu\/margit\/veranstaltungen\/advbrand17-036\/'><img loading=\"lazy\" decoding=\"async\" width=\"150\" height=\"150\" src=\"https:\/\/www.oe3fru.eu\/margit\/wp-content\/uploads\/2018\/02\/AdvBrand17-036-150x150.jpg\" class=\"attachment-thumbnail size-thumbnail\" alt=\"\" aria-describedby=\"gallery-3-611\" \/><\/a>\n\t\t\t<\/dt>\n\t\t\t\t<dd class='wp-caption-text gallery-caption' id='gallery-3-611'>\n\t\t\t\tAdventmarkt Brand 2017\n\t\t\t\t<\/dd><\/dl><dl class='gallery-item'>\n\t\t\t<dt class='gallery-icon landscape'>\n\t\t\t\t<a href='https:\/\/www.oe3fru.eu\/margit\/veranstaltungen\/advbrand17-037\/'><img loading=\"lazy\" decoding=\"async\" width=\"150\" height=\"150\" src=\"https:\/\/www.oe3fru.eu\/margit\/wp-content\/uploads\/2018\/02\/AdvBrand17-037-150x150.jpg\" class=\"attachment-thumbnail size-thumbnail\" alt=\"\" aria-describedby=\"gallery-3-612\" \/><\/a>\n\t\t\t<\/dt>\n\t\t\t\t<dd class='wp-caption-text gallery-caption' id='gallery-3-612'>\n\t\t\t\tAdventmarkt Brand 2017\n\t\t\t\t<\/dd><\/dl><dl class='gallery-item'>\n\t\t\t<dt class='gallery-icon landscape'>\n\t\t\t\t<a href='https:\/\/www.oe3fru.eu\/margit\/veranstaltungen\/advbrand17-039\/'><img loading=\"lazy\" decoding=\"async\" width=\"150\" height=\"150\" src=\"https:\/\/www.oe3fru.eu\/margit\/wp-content\/uploads\/2018\/02\/AdvBrand17-039-150x150.jpg\" class=\"attachment-thumbnail size-thumbnail\" alt=\"\" aria-describedby=\"gallery-3-613\" \/><\/a>\n\t\t\t<\/dt>\n\t\t\t\t<dd class='wp-caption-text gallery-caption' id='gallery-3-613'>\n\t\t\t\tAdventmarkt Brand 2017\n\t\t\t\t<\/dd><\/dl><br style=\"clear: both\" \/><dl class='gallery-item'>\n\t\t\t<dt class='gallery-icon landscape'>\n\t\t\t\t<a href='https:\/\/www.oe3fru.eu\/margit\/veranstaltungen\/advbrand17-040\/'><img loading=\"lazy\" decoding=\"async\" width=\"150\" height=\"150\" src=\"https:\/\/www.oe3fru.eu\/margit\/wp-content\/uploads\/2018\/02\/AdvBrand17-040-150x150.jpg\" class=\"attachment-thumbnail size-thumbnail\" alt=\"\" aria-describedby=\"gallery-3-614\" \/><\/a>\n\t\t\t<\/dt>\n\t\t\t\t<dd class='wp-caption-text gallery-caption' id='gallery-3-614'>\n\t\t\t\tAdventmarkt Brand 2017\n\t\t\t\t<\/dd><\/dl><dl class='gallery-item'>\n\t\t\t<dt class='gallery-icon landscape'>\n\t\t\t\t<a href='https:\/\/www.oe3fru.eu\/margit\/veranstaltungen\/advbrand17-041\/'><img loading=\"lazy\" decoding=\"async\" width=\"150\" height=\"150\" src=\"https:\/\/www.oe3fru.eu\/margit\/wp-content\/uploads\/2018\/02\/AdvBrand17-041-150x150.jpg\" class=\"attachment-thumbnail size-thumbnail\" alt=\"\" aria-describedby=\"gallery-3-615\" \/><\/a>\n\t\t\t<\/dt>\n\t\t\t\t<dd class='wp-caption-text gallery-caption' id='gallery-3-615'>\n\t\t\t\tAdventmarkt Brand 2017\n\t\t\t\t<\/dd><\/dl><dl class='gallery-item'>\n\t\t\t<dt class='gallery-icon landscape'>\n\t\t\t\t<a href='https:\/\/www.oe3fru.eu\/margit\/veranstaltungen\/advbrand17-042\/'><img loading=\"lazy\" decoding=\"async\" width=\"150\" height=\"150\" src=\"https:\/\/www.oe3fru.eu\/margit\/wp-content\/uploads\/2018\/02\/AdvBrand17-042-150x150.jpg\" class=\"attachment-thumbnail size-thumbnail\" alt=\"\" aria-describedby=\"gallery-3-616\" \/><\/a>\n\t\t\t<\/dt>\n\t\t\t\t<dd class='wp-caption-text gallery-caption' id='gallery-3-616'>\n\t\t\t\tAdventmarkt Brand 2017\n\t\t\t\t<\/dd><\/dl><br style=\"clear: both\" \/><dl class='gallery-item'>\n\t\t\t<dt class='gallery-icon landscape'>\n\t\t\t\t<a href='https:\/\/www.oe3fru.eu\/margit\/veranstaltungen\/advbrand17-043\/'><img loading=\"lazy\" decoding=\"async\" width=\"150\" height=\"150\" src=\"https:\/\/www.oe3fru.eu\/margit\/wp-content\/uploads\/2018\/02\/AdvBrand17-043-150x150.jpg\" class=\"attachment-thumbnail size-thumbnail\" alt=\"\" aria-describedby=\"gallery-3-617\" \/><\/a>\n\t\t\t<\/dt>\n\t\t\t\t<dd class='wp-caption-text gallery-caption' id='gallery-3-617'>\n\t\t\t\tAdventmarkt Brand 2017\n\t\t\t\t<\/dd><\/dl><dl class='gallery-item'>\n\t\t\t<dt class='gallery-icon landscape'>\n\t\t\t\t<a href='https:\/\/www.oe3fru.eu\/margit\/veranstaltungen\/advbrand17-044\/'><img loading=\"lazy\" decoding=\"async\" width=\"150\" height=\"150\" src=\"https:\/\/www.oe3fru.eu\/margit\/wp-content\/uploads\/2018\/02\/AdvBrand17-044-150x150.jpg\" class=\"attachment-thumbnail size-thumbnail\" alt=\"\" aria-describedby=\"gallery-3-618\" \/><\/a>\n\t\t\t<\/dt>\n\t\t\t\t<dd class='wp-caption-text gallery-caption' id='gallery-3-618'>\n\t\t\t\tAdventmarkt Brand 2017\n\t\t\t\t<\/dd><\/dl><dl class='gallery-item'>\n\t\t\t<dt class='gallery-icon landscape'>\n\t\t\t\t<a href='https:\/\/www.oe3fru.eu\/margit\/veranstaltungen\/advbrand17-045\/'><img loading=\"lazy\" decoding=\"async\" width=\"150\" height=\"150\" src=\"https:\/\/www.oe3fru.eu\/margit\/wp-content\/uploads\/2018\/02\/AdvBrand17-045-150x150.jpg\" class=\"attachment-thumbnail size-thumbnail\" alt=\"\" aria-describedby=\"gallery-3-619\" \/><\/a>\n\t\t\t<\/dt>\n\t\t\t\t<dd class='wp-caption-text gallery-caption' id='gallery-3-619'>\n\t\t\t\tAdventmarkt Brand 2017\n\t\t\t\t<\/dd><\/dl><br style=\"clear: both\" \/>\n\t\t<\/div>\n\n<p style=\"text-align: center;\"><span style=\"font-size: 14pt;\"><strong>2017 11 Adventmarkt K\u00e4semacher<\/strong><\/span><\/p>\n\n\t\t<style type=\"text\/css\">\n\t\t\t#gallery-4 {\n\t\t\t\tmargin: auto;\n\t\t\t}\n\t\t\t#gallery-4 .gallery-item {\n\t\t\t\tfloat: left;\n\t\t\t\tmargin-top: 10px;\n\t\t\t\ttext-align: center;\n\t\t\t\twidth: 25%;\n\t\t\t}\n\t\t\t#gallery-4 img {\n\t\t\t\tborder: 2px solid #cfcfcf;\n\t\t\t}\n\t\t\t#gallery-4 .gallery-caption {\n\t\t\t\tmargin-left: 0;\n\t\t\t}\n\t\t\t\/* see gallery_shortcode() in wp-includes\/media.php *\/\n\t\t<\/style>\n\t\t<div id='gallery-4' class='gallery galleryid-10 gallery-columns-4 gallery-size-thumbnail'><dl class='gallery-item'>\n\t\t\t<dt class='gallery-icon landscape'>\n\t\t\t\t<a href='https:\/\/www.oe3fru.eu\/margit\/wp-content\/uploads\/2017\/12\/AdvK\u00e4sm-024.jpg'><img loading=\"lazy\" decoding=\"async\" width=\"150\" height=\"150\" src=\"https:\/\/www.oe3fru.eu\/margit\/wp-content\/uploads\/2017\/12\/AdvK\u00e4sm-024-150x150.jpg\" class=\"attachment-thumbnail size-thumbnail\" alt=\"\" aria-describedby=\"gallery-4-554\" \/><\/a>\n\t\t\t<\/dt>\n\t\t\t\t<dd class='wp-caption-text gallery-caption' id='gallery-4-554'>\n\t\t\t\tAdventmarkt K\u00e4semacher 2017 Heidenreichstein\n\t\t\t\t<\/dd><\/dl><dl class='gallery-item'>\n\t\t\t<dt class='gallery-icon landscape'>\n\t\t\t\t<a href='https:\/\/www.oe3fru.eu\/margit\/wp-content\/uploads\/2017\/12\/AdvK\u00e4sm-026.jpg'><img loading=\"lazy\" decoding=\"async\" width=\"150\" height=\"150\" src=\"https:\/\/www.oe3fru.eu\/margit\/wp-content\/uploads\/2017\/12\/AdvK\u00e4sm-026-150x150.jpg\" class=\"attachment-thumbnail size-thumbnail\" alt=\"\" aria-describedby=\"gallery-4-556\" \/><\/a>\n\t\t\t<\/dt>\n\t\t\t\t<dd class='wp-caption-text gallery-caption' id='gallery-4-556'>\n\t\t\t\tAdventmarkt K\u00e4semacher 2017 Heidenreichstein\n\t\t\t\t<\/dd><\/dl><dl class='gallery-item'>\n\t\t\t<dt class='gallery-icon landscape'>\n\t\t\t\t<a href='https:\/\/www.oe3fru.eu\/margit\/wp-content\/uploads\/2017\/12\/AdvK\u00e4sm-027.jpg'><img loading=\"lazy\" decoding=\"async\" width=\"150\" height=\"150\" src=\"https:\/\/www.oe3fru.eu\/margit\/wp-content\/uploads\/2017\/12\/AdvK\u00e4sm-027-150x150.jpg\" class=\"attachment-thumbnail size-thumbnail\" alt=\"\" aria-describedby=\"gallery-4-557\" \/><\/a>\n\t\t\t<\/dt>\n\t\t\t\t<dd class='wp-caption-text gallery-caption' id='gallery-4-557'>\n\t\t\t\tAdventmarkt K\u00e4semacher 2017 Heidenreichstein\n\t\t\t\t<\/dd><\/dl><dl class='gallery-item'>\n\t\t\t<dt class='gallery-icon landscape'>\n\t\t\t\t<a href='https:\/\/www.oe3fru.eu\/margit\/wp-content\/uploads\/2017\/12\/AdvK\u00e4sm-028.jpg'><img loading=\"lazy\" decoding=\"async\" width=\"150\" height=\"150\" src=\"https:\/\/www.oe3fru.eu\/margit\/wp-content\/uploads\/2017\/12\/AdvK\u00e4sm-028-150x150.jpg\" class=\"attachment-thumbnail size-thumbnail\" alt=\"\" aria-describedby=\"gallery-4-558\" \/><\/a>\n\t\t\t<\/dt>\n\t\t\t\t<dd class='wp-caption-text gallery-caption' id='gallery-4-558'>\n\t\t\t\tAdventmarkt K\u00e4semacher 2017 Heidenreichstein\n\t\t\t\t<\/dd><\/dl><br style=\"clear: both\" \/>\n\t\t<\/div>\n\n","protected":false},"excerpt":{"rendered":"<p>2018 11 Adventmarkt K\u00e4semacher 2018 03 Ostermarkt K\u00e4semacher 2017 12 Adventmarkt Brand 2017 11 Adventmarkt K\u00e4semacher<\/p>\n","protected":false},"author":1,"featured_media":0,"parent":0,"menu_order":0,"comment_status":"closed","ping_status":"closed","template":"full-width-page.php","meta":{"_mc_calendar":[],"footnotes":""},"class_list":["post-10","page","type-page","status-publish","hentry"],"jetpack_sharing_enabled":false,"_links":{"self":[{"href":"https:\/\/www.oe3fru.eu\/margit\/wp-json\/wp\/v2\/pages\/10","targetHints":{"allow":["GET"]}}],"collection":[{"href":"https:\/\/www.oe3fru.eu\/margit\/wp-json\/wp\/v2\/pages"}],"about":[{"href":"https:\/\/www.oe3fru.eu\/margit\/wp-json\/wp\/v2\/types\/page"}],"author":[{"embeddable":true,"href":"https:\/\/www.oe3fru.eu\/margit\/wp-json\/wp\/v2\/users\/1"}],"replies":[{"embeddable":true,"href":"https:\/\/www.oe3fru.eu\/margit\/wp-json\/wp\/v2\/comments?post=10"}],"version-history":[{"count":0,"href":"https:\/\/www.oe3fru.eu\/margit\/wp-json\/wp\/v2\/pages\/10\/revisions"}],"wp:attachment":[{"href":"https:\/\/www.oe3fru.eu\/margit\/wp-json\/wp\/v2\/media?parent=10"}],"curies":[{"name":"wp","href":"https:\/\/api.w.org\/{rel}","templated":true}]}}